{"id":5791,"date":"2021-09-21T13:31:22","date_gmt":"2021-09-21T11:31:22","guid":{"rendered":"https:\/\/www.adriatiqa.com\/?page_id=5791"},"modified":"2022-10-20T10:06:26","modified_gmt":"2022-10-20T08:06:26","slug":"praznujmo-evropski-dan-jezikov","status":"publish","type":"page","link":"https:\/\/www.adriatiqa.com\/sl\/praznujmo-evropski-dan-jezikov\/","title":{"rendered":"Praznujmo evropski dan jezikov"},"content":{"rendered":"<p>[vc_column_text width=&#8221;2\/3&#8243; el_position=&#8221;first&#8221;]<\/p>\n<p>Evropski dan jezikov je prav poseben praznik, ki ga praznujemo \u017ee vse od leta 2001. Takrat sta Svet Evrope in Evropska unija v praznovanje uspe\u0161no vklju\u010dila ve\u010d milijonov ljudi v 45 sodelujo\u010dih dr\u017eavah. Vse od tedaj razli\u010dni dogodki, ki vsako leto potekajo v okviru evropskega dneva jezikov, obele\u017eujejo jezikovno raznolikost v Evropi in spodbujajo u\u010denje jezikov.<\/p>\n<p>&nbsp;<\/p>\n<h4><span style=\"color: #0099cc;\"><b>Evropski dan jezikov praznujemo 26. septembra<\/b><\/span><\/h4>\n<p>Glavni cilji evropskega dne jezikov so opozarjanje javnosti na pomen u\u010denja jezikov in raz\u0161irjanja nabora jezikov, ki jih znamo, z namenom spodbujanja ve\u010djezi\u010dnosti in medkulturnega razumevanja, zavzemanje za bogato jezikovno in kulturno raznolikost v Evropi, ki jo je treba ohraniti in spodbujati, ter spodbujanje vse\u017eivljenjskega u\u010denja jezikov v \u0161oli in zunaj nje, tako za potrebe \u0161tudija, poklicnega dela in pove\u010devanja mobilnosti kot tudi za zabavo.<\/p>\n<p>&nbsp;<\/p>\n<h4><span style=\"color: #0099cc;\"><b>Poznavanje jezikov prina\u0161a \u0161tevilne prednosti<\/b><\/span><\/h4>\n<p>Jasno je, da \u0161e nikdar v preteklosti ni obstajalo toliko razli\u010dnih mo\u017enosti za \u0161tudij in delo v razli\u010dnih evropskih dr\u017eavah, vendar pa pomanjkanje jezikovnega znanja \u0161tevilnim ljudem prepre\u010duje, da bi vse te mo\u017enosti tudi izkoristili. Dejstvo je namre\u010d, da je Evropa izjemno jezikovno bogata. Poznamo namre\u010d ve\u010d kot 200 razli\u010dnih evropskih jezikov, \u0161e veliko ve\u010d pa je tistih, ki jih govorijo ljudje, ki prihajajo z drugih celin. Jasno je torej, da poznavanje le maternega jezika in zraven morda \u0161e angle\u0161\u010dine \u017ee dolgo ni ve\u010d dovolj. Globalizacija od ljudi vse pogosteje zahteva tudi znanje drugih tujih jezikov \u2013 tako za delo v tujini kot tudi za u\u010dinkovito delo v svoji domovini.<\/p>\n<p>&nbsp;<\/p>\n<h4><span style=\"color: #0099cc;\"><b>U\u010denje jezikov bogati \u017eivljenje<\/b><\/span><\/h4>\n<p>Za u\u010denje tujega jezika ni nikoli prepozno \u2013 tudi to je eno od sporo\u010dil evropskega dneva jezikov. U\u010denje tujih jezikov namre\u010d prina\u0161a \u0161tevilne koristi tako tistim najmlaj\u0161im kot nekoliko starej\u0161im. Slednjim omogo\u010da, da svoje mo\u017egane ohranjajo v odli\u010dni formi, prvim pa ponuja mo\u017enost, da na potovanjih in po\u010ditnicah navezujejo nove stike in sklepajo nova prijateljstva. Seveda pa poznavanje tujih jezikov igra tudi pomembno vlogo pri premagovanju kulturnih razlik.<\/p>\n<p>&nbsp;<\/p>\n<h4><span style=\"color: #0099cc;\"><b>Pridru\u017eite se ve\u010dini prebivalcev Evrope<\/b><\/span><\/h4>\n<p>Ste vedeli, da je med prebivalci Evrope kar ve\u010d kot polovica dvojezi\u010dnih, to pomeni, da govorijo dva jezika? Koliko pa jih govorite vi?<\/p>\n<p>In katere jezike najpogosteje govorijo? No, \u010de govorimo o maternem jeziku, je slika precej jasna. Statistike namre\u010d ka\u017eejo, da je v Evropi najpogostej\u0161i materni jezik ruski jezik, sledijo pa mu nem\u0161ki, francoski, angle\u0161ki in tur\u0161ki jezik. In zunaj Evrope? Hm, kaj pa, \u010de gremo raje \u0161e korak dlje? Prvi jezik, ki se je govoril tudi v vesolju, je bil namre\u010d ruski jezik.<\/p>\n<p>&nbsp;<\/p>\n<h4><span style=\"color: #0099cc;\"><b>Bogastvo besed in jezikov, ki ga je vredno odkriti<\/b><\/span><\/h4>\n<p>Posamezni jeziki imajo okoli 50.000 besed ali \u0161e ve\u010d \u2013 \u010de se torej \u017eelite nau\u010diti novega jezika, vas \u010daka kar precej dela. A brez skrbi, naravni govorci jezikov obi\u010dajno poznajo le okoli 15.000 \u2013 20.000 besed, v obi\u010dajnem, vsakdanjem govoru pa jih uporabljajo le nekaj sto.<\/p>\n<p>Omenili smo \u017ee, da v Evropi poznamo kar ve\u010d kot 200 razli\u010dnih jezikov \u2013 a morda vas bo presenetilo dejstvo, da to predstavlja le tri odstotke vseh jezikov na svetu. \u017dal pa je kar 46 odstotkov od teh pribli\u017eno 6000 jezikov ogro\u017eenih in so tik pred izumrtjem.<\/p>\n<p>In kot da jezikov \u017ee tako ni dovolj, poznamo tudi okoli 200 izmi\u0161ljenih jezikov, ki so bili ustvarjeni denimo za potrebe filmov in nadaljevank, kot sta recimo Gospodar prstanov in Zvezdne steze.<\/p>\n<p>&nbsp;<\/p>\n<h4><span style=\"color: #0099cc;\"><b>Boste letos praznovali tudi vi?<\/b><\/span><\/h4>\n<p>Upamo, da smo vas uspeli prepri\u010dati, da so jeziki nadvse zanimiva stvar, ki ji je vredno posvetiti nekaj \u010dasa in energije. Kaj pa, \u010de bi letos evropski dan jezikov praznovali tako, da se kon\u010dno lotite u\u010denja jezika, ki se ga \u017eelite nau\u010diti \u017ee dolgo \u010dasa? Nam se zdi to odli\u010dna ideja!<\/p>\n<p>[\/vc_column_text] [vc_single_image image=&#8221;5792&#8243; img_size=&#8221;full&#8221; img_link_target=&#8221;pphoto&#8221; width=&#8221;1\/3&#8243; el_position=&#8221;last&#8221;]<\/p>\n","protected":false},"excerpt":{"rendered":"<p>[vc_column_text width=&#8221;2\/3&#8243; el_position=&#8221;first&#8221;] Evropski dan jezikov je prav poseben praznik, ki ga praznujemo \u017ee vse od leta 2001. Takrat sta&#8230;<\/p>\n","protected":false},"author":2,"featured_media":0,"parent":0,"menu_order":0,"comment_status":"closed","ping_status":"closed","template":"","meta":{"footnotes":""},"class_list":["post-5791","page","type-page","status-publish"],"yoast_head":"<!-- This site is optimized with the Yoast SEO plugin v27.4 - https:\/\/yoast.com\/product\/yoast-seo-wordpress\/ -->\n<title>Praznujmo evropski dan jezikov | AdriatIQa Prevodi, prevajalska agencija<\/title>\n<meta name=\"description\" content=\"Evropski dan jezikov praznujemo 26. septembra. Glavni cilji evropskega dne jezikov so opozarjanje javnosti na pomen u\u010denja jezikov in raz\u0161irjanja nabora jezikov, ki jih znamo...\" \/>\n<meta name=\"robots\" content=\"index, follow, max-snippet:-1, max-image-preview:large, max-video-preview:-1\" \/>\n<link rel=\"canonical\" href=\"https:\/\/www.adriatiqa.com\/sl\/praznujmo-evropski-dan-jezikov\/\" \/>\n<meta name=\"twitter:label1\" content=\"Est. reading time\" \/>\n\t<meta name=\"twitter:data1\" content=\"3 minutes\" \/>\n<script type=\"application\/ld+json\" class=\"yoast-schema-graph\">{\"@context\":\"https:\\\/\\\/schema.org\",\"@graph\":[{\"@type\":\"WebPage\",\"@id\":\"https:\\\/\\\/www.adriatiqa.com\\\/sl\\\/praznujmo-evropski-dan-jezikov\\\/\",\"url\":\"https:\\\/\\\/www.adriatiqa.com\\\/sl\\\/praznujmo-evropski-dan-jezikov\\\/\",\"name\":\"Praznujmo evropski dan jezikov | AdriatIQa Prevodi, prevajalska agencija\",\"isPartOf\":{\"@id\":\"https:\\\/\\\/www.adriatiqa.com\\\/sl\\\/#website\"},\"datePublished\":\"2021-09-21T11:31:22+00:00\",\"dateModified\":\"2022-10-20T08:06:26+00:00\",\"description\":\"Evropski dan jezikov praznujemo 26. septembra. Glavni cilji evropskega dne jezikov so opozarjanje javnosti na pomen u\u010denja jezikov in raz\u0161irjanja nabora jezikov, ki jih znamo...\",\"breadcrumb\":{\"@id\":\"https:\\\/\\\/www.adriatiqa.com\\\/sl\\\/praznujmo-evropski-dan-jezikov\\\/#breadcrumb\"},\"inLanguage\":\"sl\",\"potentialAction\":[{\"@type\":\"ReadAction\",\"target\":[\"https:\\\/\\\/www.adriatiqa.com\\\/sl\\\/praznujmo-evropski-dan-jezikov\\\/\"]}]},{\"@type\":\"BreadcrumbList\",\"@id\":\"https:\\\/\\\/www.adriatiqa.com\\\/sl\\\/praznujmo-evropski-dan-jezikov\\\/#breadcrumb\",\"itemListElement\":[{\"@type\":\"ListItem\",\"position\":1,\"name\":\"Home\",\"item\":\"https:\\\/\\\/www.adriatiqa.com\\\/sl\\\/\"},{\"@type\":\"ListItem\",\"position\":2,\"name\":\"Praznujmo evropski dan jezikov\"}]},{\"@type\":\"WebSite\",\"@id\":\"https:\\\/\\\/www.adriatiqa.com\\\/sl\\\/#website\",\"url\":\"https:\\\/\\\/www.adriatiqa.com\\\/sl\\\/\",\"name\":\"AdriatIQa Prevodi, prevajalska agencija\",\"description\":\"Prevajanje, prevod v angle\u0161\u010dino, nem\u0161\u010dino\",\"publisher\":{\"@id\":\"https:\\\/\\\/www.adriatiqa.com\\\/sl\\\/#organization\"},\"potentialAction\":[{\"@type\":\"SearchAction\",\"target\":{\"@type\":\"EntryPoint\",\"urlTemplate\":\"https:\\\/\\\/www.adriatiqa.com\\\/sl\\\/?s={search_term_string}\"},\"query-input\":{\"@type\":\"PropertyValueSpecification\",\"valueRequired\":true,\"valueName\":\"search_term_string\"}}],\"inLanguage\":\"sl\"},{\"@type\":\"Organization\",\"@id\":\"https:\\\/\\\/www.adriatiqa.com\\\/sl\\\/#organization\",\"name\":\"ATE Globalis d.o.o.\",\"url\":\"https:\\\/\\\/www.adriatiqa.com\\\/sl\\\/\",\"logo\":{\"@type\":\"ImageObject\",\"inLanguage\":\"sl\",\"@id\":\"https:\\\/\\\/www.adriatiqa.com\\\/sl\\\/#\\\/schema\\\/logo\\\/image\\\/\",\"url\":\"https:\\\/\\\/www.adriatiqa.com\\\/wp-content\\\/uploads\\\/2012\\\/11\\\/adriatiqa-logo.png\",\"contentUrl\":\"https:\\\/\\\/www.adriatiqa.com\\\/wp-content\\\/uploads\\\/2012\\\/11\\\/adriatiqa-logo.png\",\"width\":297,\"height\":57,\"caption\":\"ATE Globalis d.o.o.\"},\"image\":{\"@id\":\"https:\\\/\\\/www.adriatiqa.com\\\/sl\\\/#\\\/schema\\\/logo\\\/image\\\/\"},\"sameAs\":[\"https:\\\/\\\/www.facebook.com\\\/AdriatIQa\",\"https:\\\/\\\/www.linkedin.com\\\/company\\\/adriatiqa-translations\"]}]}<\/script>\n<!-- \/ Yoast SEO plugin. -->","yoast_head_json":{"title":"Praznujmo evropski dan jezikov | AdriatIQa Prevodi, prevajalska agencija","description":"Evropski dan jezikov praznujemo 26. septembra. Glavni cilji evropskega dne jezikov so opozarjanje javnosti na pomen u\u010denja jezikov in raz\u0161irjanja nabora jezikov, ki jih znamo...","robots":{"index":"index","follow":"follow","max-snippet":"max-snippet:-1","max-image-preview":"max-image-preview:large","max-video-preview":"max-video-preview:-1"},"canonical":"https:\/\/www.adriatiqa.com\/sl\/praznujmo-evropski-dan-jezikov\/","twitter_misc":{"Est. reading time":"3 minutes"},"schema":{"@context":"https:\/\/schema.org","@graph":[{"@type":"WebPage","@id":"https:\/\/www.adriatiqa.com\/sl\/praznujmo-evropski-dan-jezikov\/","url":"https:\/\/www.adriatiqa.com\/sl\/praznujmo-evropski-dan-jezikov\/","name":"Praznujmo evropski dan jezikov | AdriatIQa Prevodi, prevajalska agencija","isPartOf":{"@id":"https:\/\/www.adriatiqa.com\/sl\/#website"},"datePublished":"2021-09-21T11:31:22+00:00","dateModified":"2022-10-20T08:06:26+00:00","description":"Evropski dan jezikov praznujemo 26. septembra. Glavni cilji evropskega dne jezikov so opozarjanje javnosti na pomen u\u010denja jezikov in raz\u0161irjanja nabora jezikov, ki jih znamo...","breadcrumb":{"@id":"https:\/\/www.adriatiqa.com\/sl\/praznujmo-evropski-dan-jezikov\/#breadcrumb"},"inLanguage":"sl","potentialAction":[{"@type":"ReadAction","target":["https:\/\/www.adriatiqa.com\/sl\/praznujmo-evropski-dan-jezikov\/"]}]},{"@type":"BreadcrumbList","@id":"https:\/\/www.adriatiqa.com\/sl\/praznujmo-evropski-dan-jezikov\/#breadcrumb","itemListElement":[{"@type":"ListItem","position":1,"name":"Home","item":"https:\/\/www.adriatiqa.com\/sl\/"},{"@type":"ListItem","position":2,"name":"Praznujmo evropski dan jezikov"}]},{"@type":"WebSite","@id":"https:\/\/www.adriatiqa.com\/sl\/#website","url":"https:\/\/www.adriatiqa.com\/sl\/","name":"AdriatIQa Prevodi, prevajalska agencija","description":"Prevajanje, prevod v angle\u0161\u010dino, nem\u0161\u010dino","publisher":{"@id":"https:\/\/www.adriatiqa.com\/sl\/#organization"},"potentialAction":[{"@type":"SearchAction","target":{"@type":"EntryPoint","urlTemplate":"https:\/\/www.adriatiqa.com\/sl\/?s={search_term_string}"},"query-input":{"@type":"PropertyValueSpecification","valueRequired":true,"valueName":"search_term_string"}}],"inLanguage":"sl"},{"@type":"Organization","@id":"https:\/\/www.adriatiqa.com\/sl\/#organization","name":"ATE Globalis d.o.o.","url":"https:\/\/www.adriatiqa.com\/sl\/","logo":{"@type":"ImageObject","inLanguage":"sl","@id":"https:\/\/www.adriatiqa.com\/sl\/#\/schema\/logo\/image\/","url":"https:\/\/www.adriatiqa.com\/wp-content\/uploads\/2012\/11\/adriatiqa-logo.png","contentUrl":"https:\/\/www.adriatiqa.com\/wp-content\/uploads\/2012\/11\/adriatiqa-logo.png","width":297,"height":57,"caption":"ATE Globalis d.o.o."},"image":{"@id":"https:\/\/www.adriatiqa.com\/sl\/#\/schema\/logo\/image\/"},"sameAs":["https:\/\/www.facebook.com\/AdriatIQa","https:\/\/www.linkedin.com\/company\/adriatiqa-translations"]}]}},"_links":{"self":[{"href":"https:\/\/www.adriatiqa.com\/sl\/wp-json\/wp\/v2\/pages\/5791","targetHints":{"allow":["GET"]}}],"collection":[{"href":"https:\/\/www.adriatiqa.com\/sl\/wp-json\/wp\/v2\/pages"}],"about":[{"href":"https:\/\/www.adriatiqa.com\/sl\/wp-json\/wp\/v2\/types\/page"}],"author":[{"embeddable":true,"href":"https:\/\/www.adriatiqa.com\/sl\/wp-json\/wp\/v2\/users\/2"}],"replies":[{"embeddable":true,"href":"https:\/\/www.adriatiqa.com\/sl\/wp-json\/wp\/v2\/comments?post=5791"}],"version-history":[{"count":2,"href":"https:\/\/www.adriatiqa.com\/sl\/wp-json\/wp\/v2\/pages\/5791\/revisions"}],"predecessor-version":[{"id":30887,"href":"https:\/\/www.adriatiqa.com\/sl\/wp-json\/wp\/v2\/pages\/5791\/revisions\/30887"}],"wp:attachment":[{"href":"https:\/\/www.adriatiqa.com\/sl\/wp-json\/wp\/v2\/media?parent=5791"}],"curies":[{"name":"wp","href":"https:\/\/api.w.org\/{rel}","templated":true}]}}